{"id":767,"date":"2026-09-02T23:17:26","date_gmt":"2026-09-02T21:17:26","guid":{"rendered":"https:\/\/keyllforetjardin.com\/?page_id=767"},"modified":"2026-09-02T23:17:26","modified_gmt":"2026-09-02T21:17:26","slug":"organiser","status":"publish","type":"page","link":"https:\/\/keyllforetjardin.com\/index.php\/organiser\/","title":{"rendered":"ORGANISER"},"content":{"rendered":"\n<h2 class=\"wp-block-heading\">Un lieu vivant pour accueillir vos projets<\/h2>\n\n\n\n<p>Keyll ouvre ses 2 hectares \u00e0 celles et ceux qui souhaitent&nbsp;<strong>transmettre, partager, exp\u00e9rimenter ou simplement se retrouver dans un environnement en lien avec le vivant<\/strong>.<\/p>\n\n\n\n<p>Jardin p\u00e9dagogique, potager, for\u00eat-jardin, serre, mare, haie fruiti\u00e8re et espaces d\u00e9di\u00e9s \u00e0 la biodiversit\u00e9 offrent un terrain singulier pour imaginer des activit\u00e9s, des rencontres et des exp\u00e9riences au contact de la nature.<\/p>\n\n\n\n<p><strong>Associations, animateurs, \u00e9ducateurs, artistes, artisans, structures \u00e9ducatives ou entreprises : vous pouvez proposer votre projet \u00e0 Keyll.<\/strong><\/p>\n\n\n\n<hr class=\"wp-block-separator has-alpha-channel-opacity\"\/>\n\n\n\n<h2 class=\"wp-block-heading\">VOUS \u00caTES ANIMATEUR OU INTERVENANT<\/h2>\n\n\n\n<p>Vous \u00eates animateur nature, \u00e9ducateur, jardinier, botaniste, artisan, artiste ou intervenant dans un domaine en lien avec le vivant ? Keyll peut accueillir vos\u00a0<strong>ateliers, stages et animations<\/strong>, ponctuellement ou r\u00e9guli\u00e8rement. Vous apportez votre savoir-faire et votre projet ; nous vous mettons \u00e0 disposition un cadre vivant et adapt\u00e9 \u00e0 l&#8217;exp\u00e9rimentation.<\/p>\n\n\n\n<p><strong>Exemples :<\/strong><\/p>\n\n\n\n<ul class=\"wp-block-list\">\n<li>animations nature et biodiversit\u00e9<\/li>\n\n\n\n<li>activit\u00e9s pour enfants<\/li>\n\n\n\n<li>arts et nature<\/li>\n\n\n\n<li>savoir-faire et pratiques \u00e9cologiques<\/li>\n<\/ul>\n\n\n\n<p><strong>\u2192 <a href=\"mailto:keyllforetjardin@gmail.com\" title=\"\">Proposer un atelier<\/a><\/strong><\/p>\n\n\n\n<hr class=\"wp-block-separator has-alpha-channel-opacity\"\/>\n\n\n\n<h2 class=\"wp-block-heading\">VOUS \u00caTES UNE ASSOCIATION OU UN COLLECTIF<\/h2>\n\n\n\n<p>Vous cherchez un lieu diff\u00e9rent pour r\u00e9unir vos adh\u00e9rents, organiser une activit\u00e9 ou faire vivre un temps collectif ? Keyll peut accueillir, selon les projets :<\/p>\n\n\n\n<ul class=\"wp-block-list\">\n<li>journ\u00e9es associatives<\/li>\n\n\n\n<li>f\u00eates et rencontres<\/li>\n\n\n\n<li>ateliers<\/li>\n\n\n\n<li>chantiers participatifs<\/li>\n\n\n\n<li>r\u00e9unions en ext\u00e9rieur<\/li>\n\n\n\n<li>journ\u00e9es th\u00e9matiques<\/li>\n\n\n\n<li>moments conviviaux<\/li>\n<\/ul>\n\n\n\n<p>Le lieu est mis \u00e0 disposition dans le respect de son environnement et de son fonctionnement.<\/p>\n\n\n\n<h3 class=\"wp-block-heading\">Vous avez un projet pour votre association ?<\/h3>\n\n\n\n<p><strong>\u2192 <a href=\"mailto:keyllforetjardin@gmail.com\" title=\"\">Organiser une journ\u00e9e \u00e0 Keyll<\/a><\/strong><\/p>\n\n\n\n<hr class=\"wp-block-separator has-alpha-channel-opacity\"\/>\n\n\n\n<h2 class=\"wp-block-heading\">VOUS \u00caTES UNE STRUCTURE \u00c9DUCATIVE<\/h2>\n\n\n\n<p>\u00c9coles, centres de loisirs, structures jeunesse ou \u00e9tablissements \u00e9ducatifs peuvent venir d\u00e9couvrir et exp\u00e9rimenter le vivant \u00e0 travers des activit\u00e9s adapt\u00e9es \u00e0 leurs publics. Potager, for\u00eat-jardin, mare, biodiversit\u00e9, eau, saisons et observation de la nature constituent autant de supports p\u00e9dagogiques.<\/p>\n\n\n\n<p><strong>\u2192 <a href=\"mailto:keyllforetjardin@gmail.com\" title=\"\">Construire un projet p\u00e9dagogique<\/a><\/strong><\/p>\n\n\n\n<hr class=\"wp-block-separator has-alpha-channel-opacity\"\/>\n\n\n\n<h2 class=\"wp-block-heading\">VOUS \u00caTES UNE ENTREPRISE<\/h2>\n\n\n\n<p>Keyll propose \u00e9galement un cadre pour des exp\u00e9riences collectives autour de la nature et de la transition \u00e9cologique. Selon vos objectifs :<\/p>\n\n\n\n<ul class=\"wp-block-list\">\n<li>journ\u00e9es d&#8217;\u00e9quipe<\/li>\n\n\n\n<li>actions RSE<\/li>\n\n\n\n<li>sensibilisation \u00e0 la biodiversit\u00e9<\/li>\n\n\n\n<li>ateliers pratiques<\/li>\n\n\n\n<li>chantiers participatifs<\/li>\n\n\n\n<li>journ\u00e9es de d\u00e9couverte et d&#8217;exp\u00e9rimentation<\/li>\n<\/ul>\n\n\n\n<p>Nous privil\u00e9gions les projets qui permettent de&nbsp;<strong>faire plut\u00f4t que simplement consommer un lieu<\/strong>.<\/p>\n\n\n\n<p><strong>\u2192 <a href=\"mailto:keyllforetjardin@gmail.com\" title=\"\">Imaginer une journ\u00e9e avec Keyll<\/a><\/strong><\/p>\n\n\n\n<hr class=\"wp-block-separator has-alpha-channel-opacity\"\/>\n\n\n\n<h1 class=\"wp-block-heading\">UN LIEU, DES PROJETS, DES VALEURS PARTAG\u00c9ES<\/h1>\n\n\n\n<p>Keyll n&#8217;est pas un espace \u00e9v\u00e9nementiel classique. C&#8217;est un\u00a0<strong>\u00e9cosyst\u00e8me vivant<\/strong>, construit progressivement autour de la biodiversit\u00e9, de la transmission, de l&#8217;exp\u00e9rimentation et de la coop\u00e9ration. Nous accueillons donc des projets qui entrent en r\u00e9sonance avec cette d\u00e9marche. <strong>Chaque projet est \u00e9tudi\u00e9 au cas par cas<\/strong>, selon sa nature, son public, sa fr\u00e9quence et ses besoins. Les utilisateurs s&#8217;engagent \u00e0 respecter le vivant, les installations et les principes de fonctionnement du lieu.<\/p>\n\n\n\n<hr class=\"wp-block-separator has-alpha-channel-opacity\"\/>\n\n\n\n<h2 class=\"wp-block-heading\">DES FORMULES ADAPT\u00c9ES \u00c0 VOTRE PROJET<\/h2>\n\n\n\n<p>Chaque projet est diff\u00e9rent. La mise \u00e0 disposition de Keyll peut \u00eatre\u00a0<strong>ponctuelle ou r\u00e9guli\u00e8re<\/strong>, pour quelques heures, une demi-journ\u00e9e, une journ\u00e9e ou dans le cadre d\u2019un partenariat plus durable. Les modalit\u00e9s d\u2019accueil sont d\u00e9finies ensemble en fonction de la nature de votre activit\u00e9, du nombre de participants, de la fr\u00e9quence et des espaces n\u00e9cessaires.<\/p>\n\n\n\n<p><strong>Pour les animateurs et intervenants r\u00e9guliers, nous pouvons \u00e9galement imaginer des formes de partenariat et de partage des recettes.<\/strong><\/p>\n\n\n\n<h3 class=\"wp-block-heading\">Vous avez un projet ?<\/h3>\n\n\n\n<p><strong>\u2192<\/strong> <strong><a href=\"mailto:keyllforetjardin@gmail.com\" title=\"\">Contactez-nous pour en \u00e9changer.<\/a><\/strong><\/p>\n\n\n\n<h1 class=\"wp-block-heading\"><\/h1>\n","protected":false},"excerpt":{"rendered":"<p>Un lieu vivant pour accueillir vos projets Keyll ouvre ses 2 hectares \u00e0 celles et ceux qui souhaitent&nbsp;transmettre, partager, exp\u00e9rimenter ou simplement se retrouver dans un environnement en lien avec le vivant. Jardin p\u00e9dagogique, potager, for\u00eat-jardin, serre, mare, haie fruiti\u00e8re &hellip; <\/p>\n","protected":false},"author":1,"featured_media":0,"parent":0,"menu_order":0,"comment_status":"closed","ping_status":"closed","template":"","meta":{"om_disable_all_campaigns":false,"_monsterinsights_skip_tracking":false,"_monsterinsights_sitenote_active":false,"_monsterinsights_sitenote_note":"","_monsterinsights_sitenote_category":0,"footnotes":""},"class_list":["post-767","page","type-page","status-publish","hentry","latest_post"],"aioseo_notices":[],"_links":{"self":[{"href":"https:\/\/keyllforetjardin.com\/index.php\/wp-json\/wp\/v2\/pages\/767","targetHints":{"allow":["GET"]}}],"collection":[{"href":"https:\/\/keyllforetjardin.com\/index.php\/wp-json\/wp\/v2\/pages"}],"about":[{"href":"https:\/\/keyllforetjardin.com\/index.php\/wp-json\/wp\/v2\/types\/page"}],"author":[{"embeddable":true,"href":"https:\/\/keyllforetjardin.com\/index.php\/wp-json\/wp\/v2\/users\/1"}],"replies":[{"embeddable":true,"href":"https:\/\/keyllforetjardin.com\/index.php\/wp-json\/wp\/v2\/comments?post=767"}],"version-history":[{"count":1,"href":"https:\/\/keyllforetjardin.com\/index.php\/wp-json\/wp\/v2\/pages\/767\/revisions"}],"predecessor-version":[{"id":768,"href":"https:\/\/keyllforetjardin.com\/index.php\/wp-json\/wp\/v2\/pages\/767\/revisions\/768"}],"wp:attachment":[{"href":"https:\/\/keyllforetjardin.com\/index.php\/wp-json\/wp\/v2\/media?parent=767"}],"curies":[{"name":"wp","href":"https:\/\/api.w.org\/{rel}","templated":true}]}}